{"id":48,"date":"2013-01-22T19:06:20","date_gmt":"2013-01-22T19:06:20","guid":{"rendered":"http:\/\/paroquiagloria.org\/v2\/?page_id=48"},"modified":"2015-08-25T17:07:30","modified_gmt":"2015-08-25T17:07:30","slug":"paroquia","status":"publish","type":"page","link":"http:\/\/paroquiagloria.org\/v2\/?page_id=48","title":{"rendered":"Par\u00f3quia"},"content":{"rendered":"<p><a href=\"http:\/\/paroquiagloria.org\/v2\/wp-content\/uploads\/2014\/05\/comunidade.jpg\"><img loading=\"lazy\" class=\"  wp-image-2293 aligncenter\" src=\"http:\/\/paroquiagloria.org\/v2\/wp-content\/uploads\/2014\/05\/comunidade.jpg\" alt=\"comunidade\" width=\"553\" height=\"286\" srcset=\"http:\/\/paroquiagloria.org\/v2\/wp-content\/uploads\/2014\/05\/comunidade.jpg 960w, http:\/\/paroquiagloria.org\/v2\/wp-content\/uploads\/2014\/05\/comunidade-300x155.jpg 300w\" sizes=\"(max-width: 553px) 100vw, 553px\" \/><\/a><\/p>\n<p style=\"text-align: justify;\">A Par\u00f3quia de Nossa Senhora da Gl\u00f3ria pertence \u00e0 Diocese de Aveiro. Situa-se no centro da cidade aveirense e \u00e9 igreja sede (Catedral) da Diocese. \u00a0\u00c9 constitu\u00edda por tr\u00eas centros de culto regular (Igreja Matriz, Vilar e Santiago).<br \/>\nActualmente, a par\u00f3quia \u00e9 servida por dois sacerdotes: o Pe. Fausto Ara\u00fajo de Oliveira (p\u00e1roco) e o Pe. Jos\u00e9 Ant\u00f3nio Carneiro (vig\u00e1rio paroquial).<\/p>\n<p style=\"text-align: justify;\">Com as dificuldades e as potencialidades de uma par\u00f3quia urbana, vive e celebra a f\u00e9 em Jesus Cristo, anuncia o Evangelho a todos e abre-se ao mundo em que est\u00e1 inserida e no qual \u00e9 chamada a ser &#8220;fermento&#8221;, &#8220;sal&#8221; e &#8220;luz&#8221;.<\/p>\n<p style=\"text-align: justify;\"><a href=\"http:\/\/paroquiagloria.org\/v2\/?page_id=70\">Hist\u00f3ria<\/a><\/p>\n<p><a href=\"http:\/\/paroquiagloria.org\/v2\/?page_id=72\">Catedral<\/a><\/p>\n<p><a href=\"http:\/\/paroquiagloria.org\/v2\/?page_id=74\">Santiago<\/a><\/p>\n<p><a href=\"http:\/\/paroquiagloria.org\/v2\/?page_id=76\">Vilar<\/a><\/p>\n<p><a href=\"http:\/\/paroquiagloria.org\/v2\/?page_id=78\">Nossa Senhora da Ajuda<\/a><\/p>\n<p><a href=\"http:\/\/paroquiagloria.org\/v2\/?page_id=546\">Santos M\u00e1rtires &#8211; Alboi<\/a><\/p>\n<p>S. Francisco e Santo Ant\u00f3nio<\/p>\n<p>Carmelitas<\/p>\n<p>Miseric\u00f3rdia<\/p>\n<p><a style=\"font-size: 13px; line-height: 19px;\" href=\"http:\/\/paroquiagloria.org\/v2\/?page_id=80\">Espa\u00e7o Museu<\/a><\/p>\n<p>&nbsp;<\/p>\n","protected":false},"excerpt":{"rendered":"<p>A Par\u00f3quia de Nossa Senhora da Gl\u00f3ria pertence \u00e0 Diocese de Aveiro. Situa-se no centro da cidade aveirense e \u00e9 igreja sede (Catedral) da Diocese. \u00a0\u00c9 constitu\u00edda por tr\u00eas centros de culto regular (Igreja Matriz, Vilar e Santiago). Actualmente, a par\u00f3quia \u00e9 servida por dois sacerdotes: o Pe. Fausto Ara\u00fajo de Oliveira (p\u00e1roco) e o [&hellip;]<\/p>\n","protected":false},"author":1,"featured_media":0,"parent":0,"menu_order":0,"comment_status":"open","ping_status":"closed","template":"","meta":{"ngg_post_thumbnail":0},"_links":{"self":[{"href":"http:\/\/paroquiagloria.org\/v2\/index.php?rest_route=\/wp\/v2\/pages\/48"}],"collection":[{"href":"http:\/\/paroquiagloria.org\/v2\/index.php?rest_route=\/wp\/v2\/pages"}],"about":[{"href":"http:\/\/paroquiagloria.org\/v2\/index.php?rest_route=\/wp\/v2\/types\/page"}],"author":[{"embeddable":true,"href":"http:\/\/paroquiagloria.org\/v2\/index.php?rest_route=\/wp\/v2\/users\/1"}],"replies":[{"embeddable":true,"href":"http:\/\/paroquiagloria.org\/v2\/index.php?rest_route=%2Fwp%2Fv2%2Fcomments&post=48"}],"version-history":[{"count":13,"href":"http:\/\/paroquiagloria.org\/v2\/index.php?rest_route=\/wp\/v2\/pages\/48\/revisions"}],"predecessor-version":[{"id":3612,"href":"http:\/\/paroquiagloria.org\/v2\/index.php?rest_route=\/wp\/v2\/pages\/48\/revisions\/3612"}],"wp:attachment":[{"href":"http:\/\/paroquiagloria.org\/v2\/index.php?rest_route=%2Fwp%2Fv2%2Fmedia&parent=48"}],"curies":[{"name":"wp","href":"https:\/\/api.w.org\/{rel}","templated":true}]}}