{"id":2757,"date":"2014-11-28T19:00:20","date_gmt":"2014-11-28T19:00:20","guid":{"rendered":"http:\/\/paroquiagloria.org\/v2\/?page_id=2757"},"modified":"2025-12-08T16:59:19","modified_gmt":"2025-12-08T16:59:19","slug":"plano-pastoral-201415","status":"publish","type":"page","link":"http:\/\/paroquiagloria.org\/v2\/?page_id=2757","title":{"rendered":"Plano Pastoral Paroquial 2025\/26"},"content":{"rendered":"<p><a href=\"http:\/\/paroquiagloria.org\/v2\/wp-content\/uploads\/2025\/12\/banner_PlanoPast_2026.jpg\"><img loading=\"lazy\" class=\"aligncenter wp-image-14236 size-full\" src=\"http:\/\/paroquiagloria.org\/v2\/wp-content\/uploads\/2025\/12\/banner_PlanoPast_2026.jpg\" alt=\"\" width=\"960\" height=\"450\" srcset=\"http:\/\/paroquiagloria.org\/v2\/wp-content\/uploads\/2025\/12\/banner_PlanoPast_2026.jpg 960w, http:\/\/paroquiagloria.org\/v2\/wp-content\/uploads\/2025\/12\/banner_PlanoPast_2026-300x141.jpg 300w, http:\/\/paroquiagloria.org\/v2\/wp-content\/uploads\/2025\/12\/banner_PlanoPast_2026-768x360.jpg 768w\" sizes=\"(max-width: 960px) 100vw, 960px\" \/><\/a><\/p>\n<p><a href=\"http:\/\/paroquiagloria.org\/v2\/wp-content\/uploads\/2025\/12\/planopastoral2025_26.pdf\" target=\"_blank\" rel=\"noopener\">Plano Pastoral Paroquial 2025\/26<\/a><\/p>\n<p><strong>COM MARIA, PEREGRINOS DA ESPERAN\u00c7A<\/strong><\/p>\n<p>&nbsp;<\/p>\n<p>O presente documento n\u00e3o \u00e9 sen\u00e3o um documento de trabalho orientador do caminho a percorrer por todos os que se identificam com a Par\u00f3quia de Nossa Senhora da Gl\u00f3ria e se sentem comprometidos no processo da sua renova\u00e7\u00e3o. Assim, apesar de n\u00e3o ser normativo, pretende ser inspirador para todas as actividades, que devem reflectir sempre a coragem e ousadia de Nossa Senhora, que, correndo para servir Isabel, leva o Seu Senhor consigo e se torna o modelo acabado da &#8220;Igreja em sa\u00edda&#8221;.<\/p>\n<p>&nbsp;<\/p>\n<p><strong>Ano Pastoral<\/strong><\/p>\n<p><strong>2025\/2026<\/strong><\/p>\n<p><a href=\"http:\/\/paroquiagloria.org\/v2\/wp-content\/uploads\/2025\/12\/retabulo.jpg\"><img loading=\"lazy\" class=\"aligncenter wp-image-14237 size-full\" src=\"http:\/\/paroquiagloria.org\/v2\/wp-content\/uploads\/2025\/12\/retabulo.jpg\" alt=\"\" width=\"646\" height=\"429\" srcset=\"http:\/\/paroquiagloria.org\/v2\/wp-content\/uploads\/2025\/12\/retabulo.jpg 646w, http:\/\/paroquiagloria.org\/v2\/wp-content\/uploads\/2025\/12\/retabulo-300x199.jpg 300w, http:\/\/paroquiagloria.org\/v2\/wp-content\/uploads\/2025\/12\/retabulo-207x136.jpg 207w, http:\/\/paroquiagloria.org\/v2\/wp-content\/uploads\/2025\/12\/retabulo-140x94.jpg 140w\" sizes=\"(max-width: 646px) 100vw, 646px\" \/><\/a><\/p>\n<p><strong><em>Ret\u00e1bulo renascentista, em pedra calc\u00e1ria policromada, s\u00e9culo XVI (1559).<\/em><\/strong><\/p>\n<p><em>Representa o epis\u00f3dio narrado no Novo Testamento, em que a Virgem Maria se levanta e sai apressadamente para visitar sua prima Santa Isabel. Abra\u00e7a-a na presen\u00e7a de Zacarias e de S\u00e3o Jos\u00e9, estando outras personagens em cena. Santa Isabel, em posi\u00e7\u00e3o de movimento, parece ajoelhar-se diante do ventre de Maria, que retribui o gesto, pousando a m\u00e3o direita no ombro da prima. Em fundo, s\u00e3o not\u00f3rias diversas constru\u00e7\u00f5es de tra\u00e7a erudita, sobressaindo um amplo arco romano abobadado que d\u00e1 a sensa\u00e7\u00e3o da tridimensionalidade ao espa\u00e7o.<\/em><\/p>\n<p><strong>&nbsp;<\/strong><\/p>\n<p><strong>Igreja de Aveiro, rumo \u00e0s \u201cComunidades Pastorais\u201d<\/strong><\/p>\n<p>&nbsp;<\/p>\n<p>&nbsp;<\/p>\n<p>Igrejas cada vez mais vazias, assembleias maioritariamente de pessoas idosas, agentes de pastoral mais velhos e cansados, ordena\u00e7\u00f5es de presb\u00edtero e de di\u00e1cono cada vez mais longe de compensar as perdas, e muitos outros elementos, dizem-nos claramente que algo est\u00e1 a mudar e a mudar rapidamente.&nbsp;<\/p>\n<p>&nbsp;<\/p>\n<p>Num tempo que \u00e9 novo, marcado por uma cultura diferente, plural e multifacetada &#8230; n\u00e3o servem esquemas, estruturas e estrat\u00e9gias repetidas, que o tempo consolidou, mas hoje cada vez mais desajustadas \u00e0 realidade, queiramos ou n\u00e3o, em permanente mudan\u00e7a.<\/p>\n<p>&nbsp;<\/p>\n<p>Apesar de muitos sinais de esperan\u00e7a, os ventos da mudan\u00e7a atingem tamb\u00e9m a nossa Diocese de Aveiro, comprometida h\u00e1 algum tempo num processo de discernimento e decis\u00e3o na busca de caminhos que ajudem a realizar a miss\u00e3o da Igreja, que \u00e9 essencialmente anunciar o Evangelho de Jesus. E isto s\u00f3 \u00e9 poss\u00edvel &#8220;mudando e adequando os modelos organizativos e os processos de ac\u00e7\u00e3o pastoral, para transmitir o que nunca pode mudar: a Alegria do Evangelho&#8221;.&nbsp;<\/p>\n<p>&nbsp;<\/p>\n<p>A realidade da nossa Diocese, n\u00e3o sendo t\u00e3o dram\u00e1tica como outras, n\u00e3o deixa de apresentar sinais de preocupa\u00e7\u00e3o, que nos convidam a agir e n\u00e3o apenas a reagir. Assim, num universo de cerca de 310.000 habitantes, contamos aproximadamente com 3 850 agentes de pastoral leigos para a totalidade&nbsp;das 101 Par\u00f3quias.&nbsp;<\/p>\n<p>Os Di\u00e1conos permanentes s\u00e3o 34,&nbsp;14 dos quais com mais de 75 anos, tendo sido ordenados 27 nos \u00faltimos 25 anos&nbsp;e falecido 13.<\/p>\n<p>Quanto aos Presb\u00edteros, a Diocese conta com 81 padres, sendo que 31 t\u00eam mais de 75 anos de idade,&nbsp;8&nbsp;dos quais com mais de 90. Quanto aos restantes, 9 est\u00e3o entre os 25 e 40 anos, 27 entre os 41 e os 60,&nbsp;e 16 entre os 61 e 75.&nbsp;<\/p>\n<p>Em suma, na nossa Diocese, nos \u00faltimos 25 anos, foram ordenados 20 padres e faleceram 66. E o futuro n\u00e3o se apresenta mais risonho.&nbsp;<\/p>\n<p>&nbsp;<\/p>\n<p>Face a esta situa\u00e7\u00e3o, que n\u00e3o \u00e9 nova nem \u00fanica, mas de ineg\u00e1vel import\u00e2ncia, a Igreja de Aveiro iniciou um processo de discernimento, alargado a grupos, servi\u00e7os e Par\u00f3quias, para &#8220;renovar e reformar a vida pastoral da Diocese e implementar novas formas de presen\u00e7a da Igreja no territ\u00f3rio diocesano&#8221;. Tal processo,&nbsp;longo e demorado,&nbsp;deve envolver-nos a todos, porque a todos diz respeito.<\/p>\n<p>&nbsp;<\/p>\n<p><strong>&nbsp;<\/strong><\/p>\n<p><strong>&nbsp;<\/strong><\/p>\n<p><strong>&nbsp;<\/strong><\/p>\n<p><strong>&nbsp;<\/strong><\/p>\n<p><strong>&nbsp;<\/strong><\/p>\n<p><strong>&nbsp;<\/strong><\/p>\n<p><strong>somos igreja na igreja diocesana<\/strong><\/p>\n<p>&nbsp;<\/p>\n<p>N\u00e3o pode assim a Par\u00f3quia de Nossa Senhora da Gl\u00f3ria ficar \u00e0 margem de todo este processo sem contribuir para o sucesso deste projecto, pois, celebrado o S\u00ednodo sobre a Sinodalidade, \u00e9 preciso passarmos \u00e0 edifica\u00e7\u00e3o de uma Igreja Sinodal, com todos, todos, todos, na express\u00e3o feliz do Papa Francisco.&nbsp; E este \u00e9 o nosso Tempo. Assim, assumindo como nossos alguns desafios pastorais da Diocese para o presente ano apost\u00f3lico, a Par\u00f3quia de Nossa Senhora da Gl\u00f3ria compromete-se a participar no processo de discernimento e reflex\u00e3o em ordem \u00e0s futuras&nbsp;&#8220;Comunidades Pastorais&#8221; e a viver os 74 anos do semin\u00e1rio&nbsp;(14\/11\/51), constituindo para tal uma Equipa de Coordena\u00e7\u00e3o, sa\u00edda do 1.\u00ba Conselho Pastoral, capaz de assegurar eficazmente todas as actividades, nos prazos e moldes propostos pelos Servi\u00e7os Diocesanos. N\u00e3o podemos, por\u00e9m,&nbsp;ficar por aqui.&nbsp;<\/p>\n<p>&nbsp;<\/p>\n<p>Se queremos fazer parte de uma &#8220;Igreja pr\u00f3xima das pessoas, capaz de escutar &#8230; Uma Igreja a caminho,&nbsp;centrada no Mestre&#8230; Uma Igreja de todos e para todos&#8230; uma Igreja em sa\u00edda, capaz de ousar e arriscar, mais inclusiva e participativa&#8221;, enfim, uma Igreja sonhada e querida pelo saudoso Papa Francisco, com tradu\u00e7\u00e3o no \u00e2mbito geogr\u00e1fico da cidade de Aveiro, temos de assumir com humildade e coragem a especificidade da nossa realidade paroquial.&nbsp;<\/p>\n<p>&nbsp;<\/p>\n<p>Quem nos visita n\u00e3o d\u00e1 conta dos problemas a que \u00e9 preciso responder e que vamos especialmente ter em considera\u00e7\u00e3o ao longo de todo o ano. Com efeito, n\u00e3o nos podemos contentar em ter coros, instrumentistas, ac\u00f3litos,&nbsp;leitores, ministros extraordin\u00e1rios da comunh\u00e3o e celebra\u00e7\u00f5es mais ou menos bem conseguidas, nem satisfazer pelos servi\u00e7os prestados e abertos a outras&nbsp;comunidades&#8230;, mas queremos juntos, em processo permanente de escuta da realidade,&nbsp;buscar, para l\u00e1 do adro e das paredes das sacristias, caminhos novos de renova\u00e7\u00e3o, segundo o Esp\u00edrito Santo,&nbsp;sem trincheiras nem barreiras sociais, religiosas ou \u00e9tnicas.&nbsp;<\/p>\n<p>&nbsp;<\/p>\n<p>Assim, no passado m\u00eas de Abril 2025,&nbsp;fizemos aos participantes&nbsp;das Missas dominicais em Santiago, Vilar e S\u00e9, um inqu\u00e9rito sobre a sua resid\u00eancia, cujas conclus\u00f5es&nbsp;confirmaram o que j\u00e1 se previa: a presen\u00e7a numerosa dos n\u00e3o residentes. Com efeito, dos 1198 participantes obtiveram-se 1156 respostas, sendo 631 de n\u00e3o residentes (55%) e 525 de residentes (45%).<\/p>\n<p>&nbsp;<\/p>\n<p>Sabemos pelo \u00faltimo senso que a popula\u00e7\u00e3o residente na \u00e1rea da nossa Par\u00f3quia ronda os 10 000 e destes n\u00e3o chegar\u00e1 aos 600 os &#8220;praticantes habituais&#8221;. E os outros? A sua aus\u00eancia \u00e9 para n\u00f3s indiferente e convite \u00e0 ina\u00e7\u00e3o ou desafio \u00e0 criatividade e ousadia? Quais ser\u00e3o, ent\u00e3o, &#8220;as periferias&#8221; mais urgentes que precisamos de ter em conta na programa\u00e7\u00e3o pastoral deste ano?<\/p>\n<p>&nbsp;<\/p>\n<p>&nbsp;<\/p>\n<p>Face a estas e outras quest\u00f5es n\u00e3o podemos, como Par\u00f3quia dedicada a Nossa Senhora, deixar de ler, meditar e contemplar o segundo dos Mist\u00e9rios gozosos, como fonte inspiradora para todas as nossas actividades, individualmente ou em grupo, relacionadas com a evangeliza\u00e7\u00e3o e catequese, a liturgia, a ac\u00e7\u00e3o s\u00f3cio-caritativa, a fam\u00edlia ou a cultura.&nbsp;<\/p>\n<p>&nbsp;<\/p>\n<p>Maria, que gera no seu seio o Filho de Deus e O leva consigo \u00e0 fam\u00edlia distante, sem olhar a dificuldades, medir dist\u00e2ncias ou calcular riscos&#8230;&nbsp; torna-Se verdadeiramente \u00cdcone perfeito da &#8220;IGREJA&nbsp;EM&nbsp;SA\u00cdDA\u201d e&nbsp;fonte de inesgot\u00e1vel inspira\u00e7\u00e3o para toda a nossa actividade. Inspirando-nos permanentemente no Seu exemplo e certos da Sua protec\u00e7\u00e3o,&nbsp;ousaremos articular saudavelmente os objectivos diocesanos com a necessidade de levar \u00e0 rua&nbsp;a mensagem de Jesus e trazer a Jesus os que andam na rua.&nbsp;<\/p>\n<p>&nbsp;<\/p>\n<p>O processo \u00e9,&nbsp;como sabemos, paciente, demorado e nunca conclu\u00eddo, mas urgente sob pena de nos tornarmos cada vez mais minoria fechada e acomodada na sacristia, indiferente aos desafios da&nbsp;sociedade que est\u00e1, queiramos ou n\u00e3o, em permanente&nbsp;mudan\u00e7a.<\/p>\n<p>&nbsp;<\/p>\n<p>&nbsp;<\/p>\n<p>&nbsp;<\/p>\n<p>&nbsp;<\/p>\n<p>&nbsp;<\/p>\n<p>&nbsp;<\/p>\n<p>&nbsp;<\/p>\n<p>&nbsp;<\/p>\n<p><strong>PASTORAL LIT\u00daRGICA<\/strong>&nbsp;<\/p>\n<p>&nbsp;<\/p>\n<p>Centrados na Eucaristia queremos renovar os compromissos que no ano transacto n\u00e3o concretiz\u00e1mos.&nbsp; Assim, daremos especial aten\u00e7\u00e3o<\/p>\n<p>&nbsp;<\/p>\n<ul>\n<li>\u00e0 forma\u00e7\u00e3o de Leitores, Ac\u00f3litos, Ministros Extraordin\u00e1rios da Comunh\u00e3o e da Visita\u00e7\u00e3o e acompanhamento de Idosos s\u00f3s e Doentes<\/li>\n<li>\u00e0 adora\u00e7\u00e3o ao Sant\u00edssimo Sacramento,&nbsp;com exposi\u00e7\u00e3o solene aos s\u00e1bados e primeiras quintas-feiras do m\u00eas<\/li>\n<li>\u00e0 renova\u00e7\u00e3o das Irmandades do Sant\u00edssimo Sacramento e Senhor Jesus dos Passos para melhor compreens\u00e3o e&nbsp;viv\u00eancia dos seus Estatutos<\/li>\n<li>ao refor\u00e7o dos servi\u00e7os de asseio, ordem e decora\u00e7\u00e3o da Igreja e \u00e1 constitui\u00e7\u00e3o do servi\u00e7o de acolhimento e informa\u00e7\u00e3o aos turistas<\/li>\n<li>\u00e0 participa\u00e7\u00e3o expressiva da Par\u00f3quia na Semana Nacional de Liturgia, em F\u00e1tima.<\/li>\n<\/ul>\n<p>&nbsp;<\/p>\n<p><strong>&nbsp;<\/strong><\/p>\n<p><strong>PASTORAL S\u00d3CIO-CARITATIVA&nbsp;<\/strong><\/p>\n<p>&nbsp;<\/p>\n<p>Inspirados no exemplo de Nossa Senhora, que arrisca uma grande e perigosa viagem para visitar e servir S.ta Isabel, ousaremos este ano&nbsp;<\/p>\n<p>&nbsp;<\/p>\n<ul>\n<li>consolidar o servi\u00e7o paroquial de Visitadores de Doentes e Idosos e promover a sua forma\u00e7\u00e3o<\/li>\n<li>refor\u00e7ar a Confer\u00eancia Vicentina Feminina e o servi\u00e7o de Rouparia Solid\u00e1ria<\/li>\n<li>assegurar com equipas est\u00e1veis o apoio religioso \u00e0s Institui\u00e7\u00f5es residenciais de Idosos sedeadas na \u00e1rea da Par\u00f3quia<\/li>\n<li>promover a celebra\u00e7\u00e3o do Dia Mundial do Doente e a participa\u00e7\u00e3o de Idosos e Doentes nos retiros programados no Santu\u00e1rio de F\u00e1tima.<\/li>\n<\/ul>\n<p>&nbsp;<\/p>\n<p>&nbsp;<\/p>\n<p>&nbsp;&nbsp; &nbsp; &nbsp; &nbsp; &nbsp; &nbsp; &nbsp;<\/p>\n<p><strong>PASTORAL FAMILIAR&nbsp;&nbsp;<\/strong><\/p>\n<p>&nbsp;<\/p>\n<p>Se a Alegria do Evangelho e a Celebra\u00e7\u00e3o da Eucaristia nos motivam a &#8221; levar &#8221; Jesus \u00e0 fam\u00edlia e \u00e0 rua, este ano, al\u00e9m das Festas Principais do ano lit\u00fargico, procuraremos:<\/p>\n<p>&nbsp;<\/p>\n<ul>\n<li>valorizar os dias dos Av\u00f3s, dos Namorados, dos Casais que celebram bodas matrimoniais<\/li>\n<li>celebrar o Dia da&nbsp;Sagrada Fam\u00edlia, com a respectiva b\u00ean\u00e7\u00e3o das fam\u00edlias<\/li>\n<li>proporcionar \u00e0s M\u00e3es em gesta\u00e7\u00e3o a b\u00ean\u00e7\u00e3o prevista para o seu estado<\/li>\n<li>valorizar o adro como antec\u00e2mara da Igreja acolhedora e feliz<\/li>\n<li>levar \u00e0 rua em datas especiais a &#8220;Alegria do Evangelho&#8221;.<\/li>\n<\/ul>\n<p>&nbsp; &nbsp;&nbsp;<\/p>\n<p><strong>&nbsp;<\/strong><\/p>\n<p><strong>PASTORAL&nbsp;JUVENIL&nbsp;<\/strong><\/p>\n<p>&nbsp;<\/p>\n<p>A partir dos participantes na J.M.J \/ J.J.R. \/ Taiz\u00e9 \/&nbsp;M.P. e outros, lan\u00e7ar a Pastoral Juvenil na Par\u00f3quia.<\/p>\n<p><strong>&nbsp;<\/strong><\/p>\n<p><strong>&nbsp;<\/strong><\/p>\n<p><strong>OBRAS&nbsp;<\/strong><\/p>\n<p>&nbsp;<\/p>\n<p>Prosseguir as obras de limpeza e conserva\u00e7\u00e3o, contemplando este ano a Capela do Sant\u00edssimo.&nbsp;<\/p>\n<p><strong>CALEND\u00c1RIO<\/strong><\/p>\n<p><strong>&#8212; Outubro &#8212;<\/strong><\/p>\n<p>&nbsp;<\/p>\n<table width=\"642\">\n<tbody>\n<tr>\n<td width=\"73\"><strong>4<\/strong><\/td>\n<td width=\"361\">Assembleia Geral de Ac\u00f3litos e Forma\u00e7\u00e3o<\/td>\n<td width=\"208\">&nbsp;<\/td>\n<\/tr>\n<tr>\n<td width=\"73\"><strong>5<\/strong><\/td>\n<td width=\"361\">Abertura do Ano Catequ\u00e9tico \u2013 S\u00e9<\/td>\n<td width=\"208\">12h00<\/td>\n<\/tr>\n<tr>\n<td width=\"73\"><strong>16<\/strong><\/td>\n<td width=\"361\">Conselho Paroquial de Pastoral<\/td>\n<td width=\"208\">21h30<\/td>\n<\/tr>\n<tr>\n<td width=\"73\"><strong>30<\/strong><\/td>\n<td width=\"361\">Reuni\u00e3o da equipa de Visitadores de Doentes<\/p>\n<p>Re\u00fane quinzenalmente<\/td>\n<td width=\"208\">16h00<\/td>\n<\/tr>\n<\/tbody>\n<\/table>\n<p><strong>&nbsp;<\/strong><\/p>\n<p><strong>&#8212; Novembro &#8212;<\/strong><\/p>\n<p>&nbsp;<\/p>\n<table width=\"643\">\n<tbody>\n<tr>\n<td width=\"72\"><strong>1<\/strong><\/td>\n<td width=\"362\">Solenidade de Todos os Santos<\/td>\n<td width=\"208\">Missas: 10h\/10h30\/12h\/19h<\/td>\n<\/tr>\n<tr>\n<td width=\"72\"><strong>2<\/strong><\/td>\n<td width=\"362\">Comemora\u00e7\u00e3o dos Fi\u00e9is Defuntos \u2013 Missas<\/p>\n<p>Celebra\u00e7\u00e3o da Palavra<\/td>\n<td width=\"208\">10h\/10h30\/12h\/19h<br \/>\n15h Cemit\u00e9rio Central<br \/>\n16h Cemit\u00e9rio Sul<\/td>\n<\/tr>\n<tr>\n<td width=\"72\"><strong>8<\/strong><\/td>\n<td width=\"362\">Encontro de forma\u00e7\u00e3o, B\u00ean\u00e7\u00e3o e envio de todos os Agentes de Pastoral da Par\u00f3quia<\/p>\n<p>II Sess\u00e3o de Forma\u00e7\u00e3o de candidatos a ac\u00f3litos<\/p>\n<p>Festival de Sopas<\/td>\n<td width=\"208\">16h30<\/p>\n<p>17h00<\/p>\n<p>20h00<\/td>\n<\/tr>\n<tr>\n<td width=\"72\"><strong>14<\/strong><\/td>\n<td width=\"362\">1.\u00ba Encontro dos \u201cGrupos Sinodais\u201d<\/td>\n<td width=\"208\">21h00<\/td>\n<\/tr>\n<tr>\n<td width=\"72\"><strong>15<\/strong><\/td>\n<td width=\"362\">Encontro de forma\u00e7\u00e3o dos Ministros do Canto<\/td>\n<td width=\"208\">21h00<\/td>\n<\/tr>\n<tr>\n<td width=\"72\"><strong>22<\/strong><\/td>\n<td width=\"362\">III Sess\u00e3o de Forma\u00e7\u00e3o de candidatos a ac\u00f3litos<\/td>\n<td width=\"208\">17h00<\/td>\n<\/tr>\n<tr>\n<td width=\"72\"><strong>28<\/strong><\/td>\n<td width=\"362\">Encontro de Zeladoras<\/td>\n<td width=\"208\">10h00<\/td>\n<\/tr>\n<\/tbody>\n<\/table>\n<p>&nbsp;<\/p>\n<p><strong>&#8212; Dezembro &#8212;<\/strong><\/p>\n<p>&nbsp;<\/p>\n<table width=\"646\">\n<tbody>\n<tr>\n<td width=\"75\"><strong>4<\/strong><\/td>\n<td width=\"373\">Conselho Paroquial de Pastoral<\/td>\n<td width=\"198\">21h00<\/td>\n<\/tr>\n<tr>\n<td width=\"75\"><strong>6<\/strong><\/td>\n<td width=\"373\">IV Sess\u00e3o de forma\u00e7\u00e3o de candidatos a ac\u00f3litos<\/td>\n<td width=\"198\">17h00<\/td>\n<\/tr>\n<tr>\n<td width=\"75\"><strong>12<\/strong><\/td>\n<td width=\"373\">2.\u00ba Encontro dos Grupos Sinodais<\/td>\n<td width=\"198\">21h00<\/td>\n<\/tr>\n<tr>\n<td width=\"75\"><strong>13<\/strong><\/td>\n<td width=\"373\">\u201cFesta de Natal da Catequese de Inf\u00e2ncia\u201d<\/p>\n<p>\u2013 Sal\u00e3o das Florinhas do Vouga<\/p>\n<p>V Sess\u00e3o de forma\u00e7\u00e3o de candidatos a ac\u00f3litos, Eucaristia e Assembleia-Geral de ac\u00f3litos<\/p>\n<p>Concerto de Natal (Santa Cec\u00edlia)<\/td>\n<td width=\"198\">&nbsp;<\/p>\n<p>15h30<\/p>\n<p>17h30<\/p>\n<p>17h00<\/td>\n<\/tr>\n<tr>\n<td width=\"75\"><strong>20<\/strong><\/td>\n<td width=\"373\">\u201cLuz da Paz de Bel\u00e9m\u201d<\/td>\n<td width=\"198\">19h00<\/td>\n<\/tr>\n<tr>\n<td width=\"75\"><strong>21<\/strong><\/td>\n<td width=\"373\">B\u00ean\u00e7\u00e3o das Fam\u00edlias\/Imagens com o Menino Jesus<\/td>\n<td width=\"198\">19h00<\/td>\n<\/tr>\n<\/tbody>\n<\/table>\n<p><strong>2026<\/strong><\/p>\n<p><strong>&nbsp;<\/strong><\/p>\n<p><strong>&#8212; Janeiro &#8212;<\/strong><\/p>\n<table width=\"643\">\n<tbody>\n<tr>\n<td width=\"75\"><strong>3 e 4<\/strong><\/td>\n<td width=\"356\">Cantar dos Reis<\/td>\n<td width=\"212\">No final das missas<\/td>\n<\/tr>\n<tr>\n<td width=\"75\"><strong>10<\/strong><\/td>\n<td width=\"356\">Encontro de Leitores<\/td>\n<td width=\"212\">15h30<\/td>\n<\/tr>\n<tr>\n<td width=\"75\"><strong>11<\/strong><\/td>\n<td width=\"356\">Batismos dos Catec\u00famenos<\/p>\n<p>VI Sess\u00e3o de forma\u00e7\u00e3o de candidatos a ac\u00f3litos<\/td>\n<td width=\"212\">12h00<\/p>\n<p>17h00<\/td>\n<\/tr>\n<tr>\n<td width=\"75\"><strong>17<\/strong><\/td>\n<td width=\"356\">VII Sess\u00e3o de forma\u00e7\u00e3o de candidatos a ac\u00f3litos<\/td>\n<td width=\"212\">17h00<\/td>\n<\/tr>\n<tr>\n<td width=\"75\"><strong>24<\/strong><\/td>\n<td width=\"356\">Encontro de MEC\u2019s<\/td>\n<td width=\"212\">15h30<\/td>\n<\/tr>\n<tr>\n<td width=\"75\"><strong>30<\/strong><\/td>\n<td width=\"356\">3.\u00ba Encontro dos Grupos Sinodais<\/td>\n<td width=\"212\">21h00<\/td>\n<\/tr>\n<tr>\n<td width=\"75\"><strong>31<\/strong><\/td>\n<td width=\"356\">VIII Sess\u00e3o de forma\u00e7\u00e3o de candidatos a ac\u00f3litos<\/td>\n<td width=\"212\">17h00<\/td>\n<\/tr>\n<\/tbody>\n<\/table>\n<p>&nbsp;<\/p>\n<p><strong>&#8212; Fevereiro &#8212;<\/strong><\/p>\n<table width=\"643\">\n<tbody>\n<tr>\n<td width=\"75\"><strong>15<\/strong><\/td>\n<td width=\"356\">Dia Mundial do Doente:<br \/>\nUn\u00e7\u00e3o dos doentes e B\u00ean\u00e7\u00e3o dos Cuidadores<\/td>\n<td width=\"212\">10h30<\/td>\n<\/tr>\n<tr>\n<td width=\"75\"><strong>18<\/strong><\/td>\n<td width=\"356\">Quarta-feira de Cinzas<\/td>\n<td width=\"212\">&nbsp;<\/td>\n<\/tr>\n<tr>\n<td width=\"75\"><strong>20 e 27<\/strong><\/td>\n<td width=\"356\">Via-Sacra na S\u00e9<\/td>\n<td width=\"212\">18h30<\/td>\n<\/tr>\n<tr>\n<td width=\"75\"><strong>21<\/strong><\/td>\n<td width=\"356\">IX Sess\u00e3o de forma\u00e7\u00e3o de candidatos a ac\u00f3litos<\/td>\n<td width=\"212\">17h00<\/td>\n<\/tr>\n<\/tbody>\n<\/table>\n<p>&nbsp;<\/p>\n<p><strong>&#8212; Mar\u00e7o &#8212;<\/strong><\/p>\n<table width=\"643\">\n<tbody>\n<tr>\n<td width=\"75\"><strong>6 e 13 <\/strong><\/td>\n<td width=\"356\">Via-Sacra na S\u00e9<\/td>\n<td width=\"212\">18h30<\/td>\n<\/tr>\n<tr>\n<td width=\"75\"><strong>6<\/strong><\/td>\n<td width=\"356\">4.\u00ba Encontro dos Grupos Sinodais<\/td>\n<td width=\"212\">21h00<\/td>\n<\/tr>\n<tr>\n<td width=\"75\"><strong>14<\/strong><\/td>\n<td width=\"356\">X Sess\u00e3o e DIA PAROQUIAL DO AC\u00d3LITO<\/td>\n<td width=\"212\">&nbsp;<\/td>\n<\/tr>\n<tr>\n<td width=\"75\"><strong>20<\/strong><\/td>\n<td width=\"356\">Tr\u00edduo do Senhor dos Passos: Via-Sacra na S\u00e9<\/td>\n<td width=\"212\">21h30<\/td>\n<\/tr>\n<tr>\n<td width=\"75\"><strong>21<\/strong><\/td>\n<td width=\"356\">Prepara\u00e7\u00e3o para o Matrim\u00f3nio<\/p>\n<p>Caminhada Solid\u00e1ria pela Vida \u2013 ADAV-Aveiro<\/p>\n<p>B\u00ean\u00e7\u00e3o das gr\u00e1vidas e fam\u00edlias<\/p>\n<p>Tr\u00edduo do Senhor dos Passos: Ora\u00e7\u00e3o Mariana<\/td>\n<td width=\"212\">09h \/19h<\/p>\n<p>14h30<\/p>\n<p>19h00<\/p>\n<p>21h30<\/td>\n<\/tr>\n<tr>\n<td width=\"75\"><strong>22<\/strong><\/td>\n<td width=\"356\">Tr\u00edduo do Senhor dos Passos:<br \/>\nProciss\u00e3o do Senhor Jesus dos Passos<\/td>\n<td width=\"212\">16h00<\/td>\n<\/tr>\n<tr>\n<td width=\"75\"><strong>27 e 28 <\/strong><\/td>\n<td width=\"356\">Retiro espiritual do grupo de ac\u00f3litos<\/td>\n<td width=\"212\">19h30<\/td>\n<\/tr>\n<tr>\n<td width=\"75\"><strong>29<\/strong><\/td>\n<td width=\"356\">Domingo de Ramos<\/td>\n<td width=\"212\">11h00<\/td>\n<\/tr>\n<\/tbody>\n<\/table>\n<p><strong>&#8212;&nbsp; Abril<\/strong> &#8212;<\/p>\n<p><strong>&nbsp;<\/strong><\/p>\n<table width=\"646\">\n<tbody>\n<tr>\n<td width=\"75\"><strong>2<\/strong><\/td>\n<td width=\"411\">TR\u00cdDUO PASCAL: Quinta-Feira da Semana Santa<\/p>\n<p>B\u00ean\u00e7\u00e3o dos \u00d3leos do Batismo, do Crisma e dos Enfermos<\/p>\n<p>Ceia do Senhor<\/td>\n<td width=\"161\">&nbsp;<\/p>\n<p>10h00<\/p>\n<p>21h30<\/td>\n<\/tr>\n<tr>\n<td width=\"75\"><strong>3<\/strong><\/td>\n<td width=\"411\">TR\u00cdDUO PASCAL: Sexta-Feira da Semana Santa<br \/>\nLaudes<\/p>\n<p>Adora\u00e7\u00e3o da Santa Cruz<\/p>\n<p>Prociss\u00e3o comemorativa do Enterro do Senhor<\/td>\n<td width=\"161\">\n9h30<\/p>\n<p>17h00<\/p>\n<p>21h00<\/td>\n<\/tr>\n<tr>\n<td width=\"75\"><strong>4<\/strong><\/td>\n<td width=\"411\">TR\u00cdDUO PASCAL: S\u00e1bado Santo<\/p>\n<p>Laudes<\/p>\n<p>Vig\u00edlia de Aleluia<\/td>\n<td width=\"161\">&nbsp;<\/p>\n<p>9h30<\/p>\n<p>21h00<\/td>\n<\/tr>\n<tr>\n<td width=\"75\"><strong>5<\/strong><\/td>\n<td width=\"411\">P\u00e1scoa da Ressurrei\u00e7\u00e3o do Senhor<\/td>\n<td width=\"161\">&nbsp;<\/td>\n<\/tr>\n<\/tbody>\n<\/table>\n<p>&nbsp;<\/p>\n<p><strong>&#8212; Maio &#8212;<\/strong><\/p>\n<table width=\"646\">\n<tbody>\n<tr>\n<td width=\"75\"><strong>3<\/strong><\/td>\n<td width=\"356\">B\u00ean\u00e7\u00e3o das m\u00e3es<\/td>\n<td width=\"216\">12h00<\/td>\n<\/tr>\n<tr>\n<td width=\"75\"><strong>&nbsp;<\/strong><\/td>\n<td colspan=\"2\" width=\"571\">Ter\u00e7o na S\u00e9 e noutros locais de culto \u2013 <strong>calend\u00e1rio a organizar<\/strong><\/td>\n<\/tr>\n<tr>\n<td width=\"75\"><strong>12<\/strong><\/td>\n<td width=\"356\">Feriado de Santa Joana \u2013 Missa<\/p>\n<p>Prociss\u00e3o<\/td>\n<td width=\"216\">10h00<\/p>\n<p>16h00<\/td>\n<\/tr>\n<tr>\n<td width=\"75\"><strong>17<\/strong><\/td>\n<td width=\"356\">1.\u00aa Comunh\u00e3o<\/td>\n<td width=\"216\">10h00<\/td>\n<\/tr>\n<tr>\n<td width=\"75\"><strong>24<\/strong><\/td>\n<td width=\"356\">Solenidade de Pentecostes (Crisma)<\/td>\n<td width=\"216\">&nbsp;<\/td>\n<\/tr>\n<tr>\n<td width=\"75\"><strong>31<\/strong><\/td>\n<td width=\"356\">Encerramento do m\u00eas de Maio<\/td>\n<td width=\"216\">&nbsp;<\/td>\n<\/tr>\n<\/tbody>\n<\/table>\n<p>&nbsp;<\/p>\n<p><strong>&#8212; Junho &#8212;<\/strong><\/p>\n<table width=\"643\">\n<tbody>\n<tr>\n<td width=\"75\"><strong>3<\/strong><\/td>\n<td width=\"356\">Solene Vig\u00edlia Eucar\u00edstica:<br \/>\nJovens, Irmandade do Sant\u00edssimo<\/td>\n<td width=\"212\">&nbsp;<\/td>\n<\/tr>\n<tr>\n<td width=\"75\"><strong>4<\/strong><\/td>\n<td width=\"356\">Solenidade Sant\u00edssimo Corpo e Sangue de Cristo<\/p>\n<p>Missa e Prociss\u00e3o Eucar\u00edstica Arciprestal<\/td>\n<td width=\"212\">&nbsp;<\/p>\n<p>16h00<\/td>\n<\/tr>\n<tr>\n<td width=\"75\"><strong>14<\/strong><\/td>\n<td width=\"356\">Termo do ano&nbsp;catequ\u00e9tico \u2013 Missa no&nbsp;Parque<\/td>\n<td width=\"212\">&nbsp;<\/td>\n<\/tr>\n<\/tbody>\n<\/table>\n<p><strong>&nbsp;<\/strong><\/p>\n<p><strong>&#8212; Julho &#8212;<\/strong><\/p>\n<table width=\"643\">\n<tbody>\n<tr>\n<td width=\"75\"><strong>5<\/strong><\/td>\n<td width=\"356\">Dia da Igreja Diocesana<\/td>\n<td width=\"212\">&nbsp;<\/td>\n<\/tr>\n<tr>\n<td width=\"75\"><strong>26<\/strong><\/td>\n<td width=\"356\">B\u00ean\u00e7\u00e3o dos av\u00f3s e idosos<\/td>\n<td width=\"212\">12h00<\/td>\n<\/tr>\n<\/tbody>\n<\/table>\n<p>&nbsp;<\/p>\n<p>&nbsp;<\/p>\n<p>&nbsp;<\/p>\n<p>&nbsp;<\/p>\n<p>&nbsp;<\/p>\n<p>&nbsp;<\/p>\n<p>&nbsp;<\/p>\n<p>&nbsp;<\/p>\n<p>&nbsp;<\/p>\n<p>&nbsp;<\/p>\n<p>&nbsp;<\/p>\n<p>&nbsp;<\/p>\n<p>&nbsp;<\/p>\n<p>&nbsp;<\/p>\n<p>&nbsp;<\/p>\n<p>&nbsp;<\/p>\n<p>&nbsp;<\/p>\n<p>&nbsp;<\/p>\n<p>&nbsp;<\/p>\n<p>&nbsp;<\/p>\n<p>&nbsp;<\/p>\n<p>&nbsp;<\/p>\n<p>&nbsp;<\/p>\n<p>&nbsp;<\/p>\n<p>&nbsp;<\/p>\n<p>&nbsp;<\/p>\n<p>&nbsp;<\/p>\n<p>&nbsp;<\/p>\n<p>&nbsp;<\/p>\n<p>&nbsp;<\/p>\n<p>&nbsp;<\/p>\n<p>&nbsp;<\/p>\n<p>&nbsp;<\/p>\n<p>&nbsp;<\/p>\n<p>&nbsp;<\/p>\n<p>&nbsp;<\/p>\n<p>&nbsp;<\/p>\n<p>&nbsp;<\/p>\n<p>&nbsp;<\/p>\n<p>&nbsp;<\/p>\n<p>&nbsp;<\/p>\n<p>&nbsp;<\/p>\n<p>&nbsp;<\/p>\n<p>&nbsp;<\/p>\n<p>&nbsp;<\/p>\n<p>&nbsp;<\/p>\n<p>&nbsp;<\/p>\n<p>&nbsp;<\/p>\n<p>&nbsp;<\/p>\n<p>&nbsp;<\/p>\n<p>&nbsp;<\/p>\n<p>&nbsp;<\/p>\n<p>&nbsp;<\/p>\n<p>&nbsp;<\/p>\n<p>&nbsp;<\/p>\n<p>&nbsp;<\/p>\n<p>&nbsp;<\/p>\n<p>&nbsp;<\/p>\n<p>&nbsp;<\/p>\n<p>&nbsp;<\/p>\n<p>&nbsp;<\/p>\n<p>&nbsp;<\/p>\n<p>&nbsp;<\/p>\n<p>&nbsp;<\/p>\n<p>&nbsp;<\/p>\n<p>&nbsp;<\/p>\n<p>&nbsp;<\/p>\n<p>&nbsp;<\/p>\n<p>&nbsp;<\/p>\n<p>&nbsp;<\/p>\n<p>&nbsp;<\/p>\n<p>&nbsp;<\/p>\n<p>&nbsp;<\/p>\n<p>&nbsp;<\/p>\n<p>&nbsp;<\/p>\n<p>&nbsp;<\/p>\n<p>&nbsp;<\/p>\n<p>&nbsp;<\/p>\n<p>&nbsp;<\/p>\n<p>&nbsp;<\/p>\n<p>&nbsp;<\/p>\n<p>&nbsp;<\/p>\n<p>&nbsp;<\/p>\n<p>&nbsp;<\/p>\n<p>&nbsp;<\/p>\n<p>&nbsp;<\/p>\n<p>&nbsp;<\/p>\n<p>&nbsp;<\/p>\n<p>&nbsp;<\/p>\n<p>&nbsp;<\/p>\n<p>&nbsp;<\/p>\n<p>&nbsp;<\/p>\n<p><a href=\"http:\/\/paroquiagloria.org\/v2\/wp-content\/uploads\/2024\/12\/planopastoral_PNSG_24_25.docx\">PLANO DE PASTORAL 2024\/25<\/a><\/p>\n<p><a href=\"http:\/\/paroquiagloria.org\/v2\/wp-content\/uploads\/2024\/12\/banner_retabulo-mor-se-de-aveiro.jpg\"><img loading=\"lazy\" class=\" wp-image-13258 aligncenter\" src=\"http:\/\/paroquiagloria.org\/v2\/wp-content\/uploads\/2024\/12\/banner_retabulo-mor-se-de-aveiro-300x65.jpg\" alt=\"\" width=\"817\" height=\"177\" srcset=\"http:\/\/paroquiagloria.org\/v2\/wp-content\/uploads\/2024\/12\/banner_retabulo-mor-se-de-aveiro-300x65.jpg 300w, http:\/\/paroquiagloria.org\/v2\/wp-content\/uploads\/2024\/12\/banner_retabulo-mor-se-de-aveiro-768x166.jpg 768w, http:\/\/paroquiagloria.org\/v2\/wp-content\/uploads\/2024\/12\/banner_retabulo-mor-se-de-aveiro.jpg 792w\" sizes=\"(max-width: 817px) 100vw, 817px\" \/><\/a><\/p>\n<p><strong>PAR\u00d3QUIA DE NOSSA SENHORA DA GL\u00d3RIA<\/strong><\/p>\n<p><strong>&nbsp; &nbsp;+ <\/strong><strong>EUCAR\u00cdSTICA<\/strong><\/p>\n<p><strong>&nbsp; &nbsp; &nbsp; + <\/strong><strong>MARIANA<\/strong><\/p>\n<p><strong>&nbsp; &nbsp; &nbsp; &nbsp; &nbsp;+ <\/strong><strong>SAMARITANA<\/strong><\/p>\n<p>&nbsp;<\/p>\n<p><strong><u>INTRODU\u00c7\u00c3O<\/u><\/strong><\/p>\n<p>Tal como a Igreja Diocesana de Aveiro, a Par\u00f3quia de Nossa Senhora da Gl\u00f3ria, <strong>&#8220;peregrina na Esperan\u00e7a&#8221;<\/strong>, partilha convictamente de que \u00e9 o Esp\u00edrito Santo que a conduz na constru\u00e7\u00e3o de um novo estilo de ser Igreja. N\u00e3o pode, assim, deixar de ter presentes, no calend\u00e1rio pastoral deste ano apost\u00f3lico (2024\/25), alguns pontos da s\u00edntese diocesana da consulta sinodal, o Ano Santo Jubilar da Esperan\u00e7a promulgado pelo Papa Francisco, e a celebra\u00e7\u00e3o dos 75 anos de constru\u00e7\u00e3o em 14\/11\/1951 do nosso Semin\u00e1rio de Santa Joana Princesa.<\/p>\n<p>Tudo isto nos convida a dar \u00e0s nossas actividades o rosto da alegria e da esperan\u00e7a, sempre em chave de corresponsabilidade, de modo que nos sintamos cada vez mais Igreja em caminho de renova\u00e7\u00e3o permanente, pessoal e comunit\u00e1ria, grupos, movimentos e estruturas.<\/p>\n<p>N\u00e3o podemos, pois, viver fechados ou satisfeitos pelos servi\u00e7os prestados, mas queremos juntos, sacerdotes, religiosos\/as e leigos, em processo permanente de escuta da realidade, buscar, para l\u00e1 do adro e das paredes da sacristia, caminhos novos de renova\u00e7\u00e3o segundo o Esp\u00edrito, sem trincheiras nem barreiras.<\/p>\n<p>Conclu\u00eddas as obras no exterior, vamos prosseguir as do interior da nossa Igreja, h\u00e1 meses em curso, como sinal e est\u00edmulo para a abertura desejada, para a proximidade querida e para a qualidade do servi\u00e7o a prestar a todos e tamb\u00e9m aos que nos visitam.<\/p>\n<p>Deus, mais que n\u00f3s, sabe das nossas debilidades, mas tamb\u00e9m dos nossos desejos que, no presente ano apost\u00f3lico, passam por sermos uma Par\u00f3quia mais EUCAR\u00cdSTICA, mais MARIANA e mais SAMARITANA, conforme as conclus\u00f5es do Congresso Eucar\u00edstico Nacional realizado em Braga.<\/p>\n<p>&nbsp;<\/p>\n<p><strong><u>ESTRAT\u00c9GIA<\/u><\/strong><\/p>\n<p><strong>Para tal, centrados na Eucaristia, queremos promover no presente ano:<\/strong><\/p>\n<p>\u2606 a forma\u00e7\u00e3o cont\u00ednua dos Leitores, Ministros Extraordin\u00e1rios da Comunh\u00e3o e Ac\u00f3litos e preparar outros para os mesmos servi\u00e7os.<\/p>\n<p>\u2606 a adora\u00e7\u00e3o ao Sant\u00edssimo Sacramento, com exposi\u00e7\u00e3o solene aos s\u00e1bados e primeiras quintas-feiras do m\u00eas.<\/p>\n<p>\u2606 a forma\u00e7\u00e3o dos Irm\u00e3os da Irmandade do Sant\u00edssimo, para melhor compreens\u00e3o e viv\u00eancia dos seus Estatutos.<\/p>\n<p>\u2606 o refor\u00e7o do servi\u00e7o de limpeza, ordem e decora\u00e7\u00e3o da Igreja.<\/p>\n<p>\u2606 a constitui\u00e7\u00e3o do servi\u00e7o de acolhimento e informa\u00e7\u00e3o aos turistas pelos meios mais adequados.<\/p>\n<p>\u2606 a cria\u00e7\u00e3o da Equipa Paroquial de Pastoral Lit\u00fargica.<\/p>\n<p>&nbsp;<\/p>\n<p><strong>Como Par\u00f3quia, que tem Nossa Senhora da Gl\u00f3ria como Padroeira, devemos promover:<\/strong><\/p>\n<p>\u2606 a ora\u00e7\u00e3o di\u00e1ria e comunit\u00e1ria do Ter\u00e7o, na Igreja, aos dias de semana, antes da Missa das 19h.<\/p>\n<p>\u2606 a participa\u00e7\u00e3o da Par\u00f3quia na Peregrina\u00e7\u00e3o jubilar e diocesana a F\u00e1tima e na Peregrina\u00e7\u00e3o Paroquial a um Santu\u00e1rio Mariano<\/p>\n<p>\u2606 a devo\u00e7\u00e3o das Crian\u00e7as, Adolescentes e Jovens&nbsp; a Nossa Senhora.<\/p>\n<p>\u2606 a celebra\u00e7\u00e3o solene das Festas Marianas previstas no calend\u00e1rio religioso.<\/p>\n<p>\u2606 a participa\u00e7\u00e3o na prociss\u00e3o de velas interparoquial de encerramento do m\u00eas de Maio.<\/p>\n<p>&nbsp;<\/p>\n<p><strong>Por fim, Cada vez mais atentos aos gritos dos pobres, doentes e idosos que vivem s\u00f3s, queremos, como Par\u00f3quia:<\/strong><\/p>\n<p>\u2606 reorganizar o Servi\u00e7o Paroquial de Visitadores de Doentes e Idosos.&nbsp;<\/p>\n<p>\u2606 refor\u00e7ar a Confer\u00eancia Vicentina Feminina e o servi\u00e7o da Rouparia Solid\u00e1ria.&nbsp;<\/p>\n<p>\u2606 assegurar com Equipas est\u00e1veis&nbsp; o apoio religioso \u00e0s Institui\u00e7\u00f5es de resid\u00eancia de Idosos sediadas&nbsp; na Par\u00f3quia.&nbsp;<\/p>\n<p>&nbsp;<\/p>\n<p>&nbsp;<\/p>\n<p><strong><u>CALEND\u00c1RIO<\/u><\/strong><\/p>\n<p><strong>Outubro<\/strong>:<\/p>\n<p>19 &#8211; Reuni\u00e3o de Pais das Crian\u00e7as dos 1\u00b0 e 2\u00b0 anos de Catequese&nbsp;<\/p>\n<p>25 &#8211; Assembleia de Agentes de Pastoral de Vilar<\/p>\n<p>26 &#8211; Reuni\u00e3o de Pais das Crian\u00e7as dos 3\u00b0e 4\u00b0 anos da Catequese&nbsp;<\/p>\n<p><strong>Novembro<\/strong>:<\/p>\n<p>01 &#8211; Solenidade de Todos os Santos&nbsp;<\/p>\n<p>02 &#8211; Comemora\u00e7\u00e3o dos Fi\u00e9is Defuntos&nbsp;<\/p>\n<p>03 &#8211; Semana de Ora\u00e7\u00e3o pelos Semin\u00e1rios (at\u00e9 ao dia 09)<\/p>\n<p>05 &#8211; Concerto\/ Festivais de Outono &#8211; U A &#8211; \u00e0s 21h30&nbsp;<\/p>\n<p>06 &#8211; Reuni\u00e3o das Chefias dos Agrupamentos de CNE com os Assistentes.<\/p>\n<p>07 &#8211; Exposi\u00e7\u00e3o do Sant\u00edssimo \u00e0s 17h, com V\u00e9speras \u00e0s 18h30.&nbsp;<\/p>\n<p>08 &#8211; Reuni\u00e3o do Conselho Econ\u00f3mico, \u00e0s 21h<\/p>\n<p>&nbsp;&nbsp;&nbsp;&nbsp; &#8211; Vig\u00edlia de Ora\u00e7\u00e3o pelos Semin\u00e1rios, no Semin\u00e1rio, \u00e0s 21h<\/p>\n<p>09 &#8211; Reuni\u00e3o de Pais do 11\u00b0 ano de Catequese, \u00e0s 17h, no Centro Paroquial.&nbsp;<\/p>\n<p>10 &#8211; Festa do Acolhimento (1\u00b0 ano) &#8211; Missa das 12h&nbsp;<\/p>\n<p>11 &#8211; Reuni\u00e3o da Direc\u00e7\u00e3o do Patronato de Nossa Senhora da Gl\u00f3ria, em Vilar, \u00e0s 21h&nbsp;<\/p>\n<p>16 &#8211; Jornada diocesana de forma\u00e7\u00e3o &#8220;Corresponsabilidade, sinodalidade e minist\u00e9rios&#8221;.<\/p>\n<p>18 &#8211; Reuni\u00e3o de Pais do 7\u00b0 ano de Catequese&nbsp;<\/p>\n<p>23 &#8211; Celebra\u00e7\u00e3o diocesana do Dia Mundial da Juventude&nbsp;<\/p>\n<p><strong>Dezembro:<\/strong><\/p>\n<p>01 &#8211; Domingo I de Advento<\/p>\n<p>&nbsp;&nbsp;&nbsp;&nbsp; &#8211; Missa estacional \u00e0s 19h, com inscri\u00e7\u00e3o de Catec\u00famenos para o Baptismo.&nbsp;<\/p>\n<p>02 &#8211; Reuni\u00e3o da Direc\u00e7\u00e3o do Patronato de Nossa Senhora de F\u00e1tima, em Vilar, \u00e0s 21h&nbsp;<\/p>\n<p>&nbsp;&nbsp;&nbsp;&nbsp; &#8211; Recolec\u00e7\u00e3o do Clero, \u00e0s 10h, na Casa Diocesana&nbsp;<\/p>\n<p>07 &#8211; Concerto pelo Conservat\u00f3rio, \u00e0s 17h, na S\u00e9&nbsp;<\/p>\n<p>08 &#8211; Solenidade da Imaculada Concei\u00e7\u00e3o da Virgem Santa Maria, Padroeira de Portugal&nbsp;<\/p>\n<p>&nbsp;&nbsp;&nbsp;&nbsp; &#8211; B\u00ean\u00e7\u00e3o das Gr\u00e1vidas&nbsp;<\/p>\n<p>&nbsp;&nbsp;&nbsp;&nbsp; &#8211; Inaugura\u00e7\u00e3o das Obras da Pra\u00e7a do Milen\u00e1rio<\/p>\n<p>12 &#8211; Ceia de Natal de Vilar,&nbsp; com Missa \u00e0s 21h<\/p>\n<p>25 &#8211; Solenidade do&nbsp; NATAL DO SENHOR&nbsp;<\/p>\n<p>29 &#8211; Festa da&nbsp; Sagrada Fam\u00edlia de Jesus, Maria e Jos\u00e9&nbsp;<\/p>\n<p>&nbsp;&nbsp;&nbsp;&nbsp; &#8211; B\u00ean\u00e7\u00e3o das Fam\u00edlias.&nbsp;<\/p>\n<p>&nbsp;&nbsp;&nbsp;&nbsp; &#8211; Abertura Solene do Ano Jubilar da Esperan\u00e7a &#8211; Porta Santa &#8211; S\u00e9<\/p>\n<p><strong>Janeiro:<\/strong><\/p>\n<p>01 &#8211; Dia Mundial da Paz &#8211; Solenidade de Santa Maria, M\u00e3e de Deus&nbsp;<\/p>\n<p>02 &#8211; Exposi\u00e7\u00e3o solene do Sant\u00edssimo,&nbsp; com V\u00e9speras \u00e0s 18h30<\/p>\n<p>06 &#8211; Reuni\u00e3o da Direc\u00e7\u00e3o do Patronato de Nossa Senhora de F\u00e1tima, em Vilar, \u00e0s 21h&nbsp;<\/p>\n<p>11 &#8211; Reuni\u00e3o de Pais e Padrinhos das Crian\u00e7as a baptizar, no Centro Paroquial, \u00e0s 15h<\/p>\n<p>12 &#8211; Celebra\u00e7\u00e3o de Baptismos na Missa das 12h<\/p>\n<p>26 &#8211; Festa da Palavra &#8211; Missa das 12h<\/p>\n<p>28 &#8211; Forma\u00e7\u00e3o Interdiocesana do Clero (at\u00e9 ao dia 30)<\/p>\n<p><strong>Fevereiro:<\/strong><\/p>\n<p>02 &#8211; Domingo &#8211; Apresenta\u00e7\u00e3o do Senhor &#8211; Jubileu dos Consagrados &#8211; Missa das 19h<\/p>\n<p>15 &#8211; Reuni\u00e3o de Pais do 1\u00b0 e 2\u00b0 anos de Catequese, no Centro Paroquial, \u00e0s 15h&nbsp;<\/p>\n<p>22 &#8211; Reuni\u00e3o de Pais das Crian\u00e7as do 3\u00b0e 4\u00b0 anos da Catequese, no Centro Paroquial \u00e0s 15h&nbsp;<\/p>\n<p><strong>Mar\u00e7o:<\/strong><\/p>\n<p>03 &#8211; Reuni\u00e3o de Direc\u00e7\u00e3o do Patronato de Nossa Senhora de F\u00e1tima, em Vilar, \u00e0s 21h&nbsp;<\/p>\n<p>05 &#8211; In\u00edcio da Quaresma &#8211; Quarta-feira de Cinzas<\/p>\n<p>08 &#8211; Peregrina\u00e7\u00e3o&nbsp; Diocesana e Jubilar a F\u00e1tima&nbsp;<\/p>\n<p>22 &#8211; Jubileu dos Agentes e Educadores Crist\u00e3os&nbsp;<\/p>\n<p>28 &#8211; Vinte e quatro horas para o Senhor&nbsp;<\/p>\n<p>29 &#8211; Caminhada solid\u00e1ria pela vida<\/p>\n<p><strong>Abril:<\/strong><\/p>\n<p>06 &#8211; Domingo V da Quaresma \/ Prociss\u00e3o do Senhor dos Passos,&nbsp; \u00e0s 16h<\/p>\n<p>&nbsp;&nbsp;&nbsp;&nbsp; &#8211; Jubileu dos Doentes&nbsp;<\/p>\n<p>07 &#8211; Reuni\u00e3o de Direc\u00e7\u00e3o do Patronato de Nossa Senhora de F\u00e1tima em Vilar, \u00e0s 21h&nbsp;<\/p>\n<p>11 &#8211; Via Sacra interparoquial, \u00e0s 21h30<\/p>\n<p>13 &#8211; Domingo de Ramos \/ Semana Santa&nbsp;<\/p>\n<p>17 &#8211; Quinta-feira Santa<\/p>\n<p>18 &#8211; Sexta-feira Santa&nbsp;<\/p>\n<p>19 &#8211; S\u00e1bado Santo \/&nbsp; SOLENE&nbsp; VIG\u00cdLIA&nbsp; PASCAL<\/p>\n<p>20 &#8211; P\u00c1SCOA DA&nbsp; RESSURREI\u00c7\u00c3O&nbsp; DO&nbsp; SENHOR&nbsp;<\/p>\n<p><strong>Maio:<\/strong><\/p>\n<p>01 &#8211; Exposi\u00e7\u00e3o solene do Sant\u00edssimo, com V\u00e9speras \u00e0s 18h30<\/p>\n<p>04 &#8211; Semana de Ora\u00e7\u00e3o pelas Voca\u00e7\u00f5es (at\u00e9 ao dia 11)<\/p>\n<p>10 &#8211; Jubileu da Crian\u00e7a e do Adolescente&nbsp;<\/p>\n<p>12 &#8211; Dia de Santa Joana Princesa,&nbsp; Padroeira da Cidade e Diocese de Aveiro&nbsp;<\/p>\n<p>25 &#8211; Festa da Primeira Comunh\u00e3o &#8211; Missa \u00e0s 10h<\/p>\n<p>31 &#8211; Prociss\u00e3o de velas interparoquial em honra de Nossa Senhora de F\u00e1tima, \u00e0s 21h30<\/p>\n<p><strong>Junho:<\/strong><\/p>\n<p>01 &#8211; Jubileu das Fam\u00edlias&nbsp;<\/p>\n<p>05 &#8211; Exposi\u00e7\u00e3o solene do Sant\u00edssimo \u00e0s 17h, com V\u00e9speras \u00e0s 18h30&nbsp;<\/p>\n<p>15 \u2013 Dia da Comunidade Paroquial, com a Paroquia em peregrina\u00e7\u00e3o a um Santu\u00e1rio Mariano<\/p>\n<p>19 &#8211; Solenidade do SS. Corpo e Sangue de Cristo<\/p>\n<p>27 &#8211; Jubileu dos Sacerdotes.&nbsp;<\/p>\n<p><strong>Julho:<\/strong><\/p>\n<p>06 &#8211; Jubileu Diocesano<\/p>\n<p>20 &#8211; Festa em honra de Nossa Senhora da Vit\u00f3ria, em Vilar.<\/p>\n<p>&nbsp;<\/p>\n<p>&nbsp;<\/p>\n<p><a href=\"http:\/\/paroquiagloria.org\/v2\/wp-content\/uploads\/2014\/11\/Plano2017.jpg\"><img loading=\"lazy\" class=\"size-large wp-image-4963 aligncenter\" src=\"http:\/\/paroquiagloria.org\/v2\/wp-content\/uploads\/2014\/11\/Plano2017-726x1024.jpg\" alt=\"plano2017\" width=\"726\" height=\"1024\" srcset=\"http:\/\/paroquiagloria.org\/v2\/wp-content\/uploads\/2014\/11\/Plano2017-726x1024.jpg 726w, http:\/\/paroquiagloria.org\/v2\/wp-content\/uploads\/2014\/11\/Plano2017-213x300.jpg 213w, http:\/\/paroquiagloria.org\/v2\/wp-content\/uploads\/2014\/11\/Plano2017.jpg 907w\" sizes=\"(max-width: 726px) 100vw, 726px\" \/><\/a><\/p>\n<h1 style=\"text-align: center;\">Jesus Cristo, o rosto da esperan\u00e7a, \u00e9 a nossa alegria!<\/h1>\n<p style=\"text-align: justify;\">Por des\u00edgnio livre e amoroso de Deus Pai, no mist\u00e9rio&nbsp;pascal de Jesus, funda-se e fundamenta-se a nossa esperan\u00e7a,&nbsp;a nossa alegria, a nossa salva\u00e7\u00e3o. Escreveu assim Bento XVI: \u201c\u00c9&nbsp;na esperan\u00e7a que fomos salvos: diz S\u00e3o Paulo aos Romanos e a&nbsp;n\u00f3s tamb\u00e9m (<em>Rm<\/em> 8,24). A \u00abreden\u00e7\u00e3o\u00bb, a salva\u00e7\u00e3o, segundo a f\u00e9&nbsp;crist\u00e3, n\u00e3o \u00e9 um simples dado de facto. A reden\u00e7\u00e3o \u00e9-nos&nbsp;oferecida no sentido que nos foi dada a esperan\u00e7a, uma&nbsp;esperan\u00e7a fidedigna, gra\u00e7as \u00e0 qual podemos enfrentar o nosso&nbsp;tempo presente: o presente, ainda que custoso, pode ser vivido e&nbsp;aceite, se levar a uma meta e se pudermos estar seguros desta&nbsp;meta, se esta meta for t\u00e3o grande que justifique a canseira do&nbsp;caminho\u201d (<em>Spe Salvi<\/em>, 1).<\/p>\n<p style=\"text-align: justify;\">A partir deste lema, no presente ano pastoral de 2016-2017, sentimo-nos interpelados a:<\/p>\n<p style=\"padding-left: 30px;\"><strong>Levar Jesus Cristo, o rosto da esperan\u00e7a, ao cora\u00e7\u00e3o das&nbsp;pessoas e das fam\u00edlias.<\/strong><\/p>\n<p style=\"padding-left: 30px;\"><strong>Celebrar festivamente Jesus Cristo, o rosto da esperan\u00e7a,&nbsp;para a Igreja e para a Humanidade.<\/strong><\/p>\n<p style=\"padding-left: 30px;\"><strong>Partilhar Jesus Cristo, p\u00e3o repartido para a vida do mundo.<\/strong><\/p>\n<p style=\"text-align: justify;\">De modo transversal, n\u00e3o deixaremos de cuidar da forma\u00e7\u00e3o de Agentes da Pastoral, olhando-a como&nbsp;permanente necessidade e que se traduzir\u00e1 na participa\u00e7\u00e3o em&nbsp;encontros nacionais, como o Encontro Nacional de Liturgia e de&nbsp;Espiritualidade, a Semana de Pastoral Social ou o E-vangelizar&nbsp;(promovido pelos Salesianos), assim como na presen\u00e7a em&nbsp;encontros formativos de \u00e2mbito diocesano e arciprestal, sem&nbsp;esquecer um plano alargado de forma\u00e7\u00e3o musical a<br \/>\ndesenvolver na par\u00f3quia.<\/p>\n<p style=\"text-align: justify;\">Com Maria, que nos congrega e acolhe, neste ano&nbsp;Centen\u00e1rio das Apari\u00e7\u00f5es, em F\u00e1tima, a Par\u00f3quia de Nossa&nbsp;Senhora da Gl\u00f3ria quer ser uma Igreja aberta e em sa\u00edda&nbsp;mission\u00e1ria, para afirmar, a todos, sem medo: Jesus Cristo, o&nbsp;rosto da esperan\u00e7a, \u00e9 a nossa alegria!<\/p>\n<p style=\"text-align: right;\"><span style=\"color: #ff0000;\">para descarregar:&nbsp;<a style=\"color: #ff0000;\" href=\"http:\/\/paroquiagloria.org\/v2\/wp-content\/uploads\/2013\/01\/PLANO_2016_17_total_A4.pdf\" target=\"_blank\" rel=\"noopener\">Plano de Pastoral 2016-17 com calendariza\u00e7\u00e3o<\/a><\/span><\/p>\n<p style=\"text-align: right;\"><span style=\"color: #ffcc00;\">para descarregar: <a style=\"color: #ffcc00;\" href=\"http:\/\/paroquiagloria.org\/v2\/wp-content\/uploads\/2016\/12\/calendario_A5_versao-02x.pdf\" target=\"_blank\" rel=\"noopener\">calendariza\u00e7\u00e3o actualizada<\/a> (<em>2016.12.10<\/em>)<\/span><\/p>\n","protected":false},"excerpt":{"rendered":"<p>Plano Pastoral Paroquial 2025\/26 COM MARIA, PEREGRINOS DA ESPERAN\u00c7A &nbsp; O presente documento n\u00e3o \u00e9 sen\u00e3o um documento de trabalho orientador do caminho a percorrer por todos os que se identificam com a Par\u00f3quia de Nossa Senhora da Gl\u00f3ria e se sentem comprometidos no processo da sua renova\u00e7\u00e3o. Assim, apesar de n\u00e3o ser normativo, pretende [&hellip;]<\/p>\n","protected":false},"author":1,"featured_media":0,"parent":0,"menu_order":0,"comment_status":"open","ping_status":"closed","template":"","meta":{"ngg_post_thumbnail":0},"_links":{"self":[{"href":"http:\/\/paroquiagloria.org\/v2\/index.php?rest_route=\/wp\/v2\/pages\/2757"}],"collection":[{"href":"http:\/\/paroquiagloria.org\/v2\/index.php?rest_route=\/wp\/v2\/pages"}],"about":[{"href":"http:\/\/paroquiagloria.org\/v2\/index.php?rest_route=\/wp\/v2\/types\/page"}],"author":[{"embeddable":true,"href":"http:\/\/paroquiagloria.org\/v2\/index.php?rest_route=\/wp\/v2\/users\/1"}],"replies":[{"embeddable":true,"href":"http:\/\/paroquiagloria.org\/v2\/index.php?rest_route=%2Fwp%2Fv2%2Fcomments&post=2757"}],"version-history":[{"count":31,"href":"http:\/\/paroquiagloria.org\/v2\/index.php?rest_route=\/wp\/v2\/pages\/2757\/revisions"}],"predecessor-version":[{"id":14238,"href":"http:\/\/paroquiagloria.org\/v2\/index.php?rest_route=\/wp\/v2\/pages\/2757\/revisions\/14238"}],"wp:attachment":[{"href":"http:\/\/paroquiagloria.org\/v2\/index.php?rest_route=%2Fwp%2Fv2%2Fmedia&parent=2757"}],"curies":[{"name":"wp","href":"https:\/\/api.w.org\/{rel}","templated":true}]}}