{"id":1111,"date":"2013-04-19T14:37:32","date_gmt":"2013-04-19T14:37:32","guid":{"rendered":"http:\/\/paroquiagloria.org\/v2\/?page_id=1111"},"modified":"2015-10-02T16:12:14","modified_gmt":"2015-10-02T16:12:14","slug":"novo-orgao-de-tubos-da-se","status":"publish","type":"page","link":"http:\/\/paroquiagloria.org\/v2\/?page_id=1111","title":{"rendered":"\u00d3rg\u00e3o de tubos"},"content":{"rendered":"<p style=\"text-align: justify;\"><a href=\"http:\/\/paroquiagloria.org\/v2\/wp-content\/uploads\/2013\/04\/convite_lado-A.jpg\"><img src=\"http:\/\/paroquiagloria.org\/v2\/wp-content\/uploads\/2013\/04\/image5.jpg\" alt=\"image\" \/><\/a><\/p>\n<p><strong>\u00d3rg\u00e3o de Tubos da Catedral<\/strong><\/p>\n<p style=\"text-align: justify;\">Com o restauro e amplia\u00e7\u00e3o da S\u00e9 de Aveiro, em 1976, o \u00f3rg\u00e3o hist\u00f3rico (1754) tornou-se insuficiente para o espa\u00e7o actual e limitado para a execu\u00e7\u00e3o do repert\u00f3rio de m\u00fasica sacra que as celebra\u00e7\u00f5es exigem.<br \/>\nImpunha-se assim a constru\u00e7\u00e3o de um \u00f3rg\u00e3o novo, aguardado por muitos desde a amplia\u00e7\u00e3o da S\u00e9. Este novo \u00f3rg\u00e3o n\u00e3o p\u00f5e em causa a futura recupera\u00e7\u00e3o do existente.<br \/>\nO novo \u00f3rg\u00e3o, agora constru\u00eddo, tem capacidade para acompanhar as grandes assembleias lit\u00fargicas, dando assim a dignidade e a beleza que a m\u00fasica deve oferecer \u00e0s celebra\u00e7\u00f5es na S\u00e9.<br \/>\nPensado para servir o culto lit\u00fargico da igreja matriz da Par\u00f3quia de Nossa Senhora da Gl\u00f3ria e da S\u00e9 de Aveiro, este \u00f3rg\u00e3o vem, tamb\u00e9m, preencher uma lacuna cultural em Aveiro, no \u00e2mbito da organ\u00edstica, e prestar um valioso contributo a todos quantos se dedicam \u00e0 m\u00fasica sacra.<br \/>\nCom caracter\u00edsticas modernas e de trac\u00e7\u00e3o mec\u00e2nica, o novo \u00f3rg\u00e3o est\u00e1 colocado na parede nascente do transepto e constitui mais um valioso patrim\u00f3nio da Par\u00f3quia de Nossa Senhora da Gl\u00f3ria e da Igreja de Aveiro, que vamos legar como heran\u00e7a ao futuro.<br \/>\nO novo \u00f3rg\u00e3o vai ser inaugurado no pr\u00f3ximo dia 12, \u00e0s 21, 30 horas, com a b\u00ean\u00e7\u00e3o e com um primeiro concerto. Que este novo \u00f3rg\u00e3o inaugurado em tempo de Miss\u00e3o Jubilar, ao celebrarmos setenta e cinco anos da restaura\u00e7\u00e3o da nossa Diocese, nos ajude a louvar sempre o \u201cSenhor, nosso Deus, no seu santu\u00e1rio\u201d (Sl 150) e a sentir a alegria de sermos disc\u00edpulos de Jesus nesta Igreja de Aveiro.<br \/>\n\u201cVive esta hora!\u201d irm\u00e3o e irm\u00e3, como hora de louvor dado e cantado a Deus para que se elevem ao Senhor hinos de ac\u00e7\u00e3o de gra\u00e7as pelos dons que dia a dia nos concede neste tempo de b\u00ean\u00e7\u00e3o e de gra\u00e7a que \u00e9 a Miss\u00e3o Jubilar!<\/p>\n<p style=\"text-align: justify;\"><em>Aveiro, 7 de Julho de 2013<\/em><br \/>\n<em> Ant\u00f3nio Francisco dos Santos, bispo de Aveiro (da mensagem \u00e0 Diocese no m\u00eas de Julho)<\/em><\/p>\n<p><img loading=\"lazy\" class=\"alignnone  wp-image-1400\" src=\"http:\/\/paroquiagloria.org\/v2\/wp-content\/uploads\/2013\/04\/convite_lado-A-1024x482.jpg\" alt=\"convite_lado A\" width=\"753\" height=\"354\" srcset=\"http:\/\/paroquiagloria.org\/v2\/wp-content\/uploads\/2013\/04\/convite_lado-A-1024x482.jpg 1024w, http:\/\/paroquiagloria.org\/v2\/wp-content\/uploads\/2013\/04\/convite_lado-A-300x141.jpg 300w\" sizes=\"(max-width: 753px) 100vw, 753px\" \/><\/p>\n<p style=\"text-align: center;\" align=\"right\"><span style=\"text-decoration: underline;\">CICLO INAUGURAL DO \u00d3RG\u00c3O DE TUBOS\u00a0<\/span><\/p>\n<p style=\"text-align: left;\" align=\"right\">2013 | 2014<\/p>\n<p><b>12 de Julho de 2013, 21h30<\/b><\/p>\n<p>Concerto inaugural.<\/p>\n<p><span style=\"font-size: 13px; line-height: 19px;\">Organista: Elmo Consentini<\/span><\/p>\n<p><a href=\"http:\/\/paroquiagloria.org\/v2\/wp-content\/uploads\/2013\/04\/biografia-cosentini.docx\">biografia cosentini<\/a><\/p>\n<p><a href=\"http:\/\/paroquiagloria.org\/v2\/wp-content\/uploads\/2013\/04\/02-_Camille-Saint-Sa\u00ebns-by-Cosentini.mp3\" target=\"_blank\">02 _Camille Saint-Sa\u00ebns<\/a>\u00a0;\u00a0<a href=\"http:\/\/paroquiagloria.org\/v2\/wp-content\/uploads\/2013\/04\/05-_Robert-Schumann-by-Cosentini.mp3\" target=\"_blank\">05 _Robert Schumann<\/a><\/p>\n<p><a href=\"http:\/\/paroquiagloria.org\/v2\/wp-content\/uploads\/2013\/04\/d.-antonio.docx\">d. antonio<\/a><\/p>\n<p><a href=\"http:\/\/paroquiagloria.org\/v2\/wp-content\/uploads\/2013\/04\/p.-fausto.docx\">p. fausto<\/a><\/p>\n<p><a href=\"http:\/\/paroquiagloria.org\/v2\/wp-content\/uploads\/2013\/04\/attila.docx\">attila<\/a><\/p>\n<p><a href=\"http:\/\/paroquiagloria.org\/v2\/wp-content\/uploads\/2013\/04\/antonio-mario-costa.docx\">antonio mario costa<\/a><\/p>\n<p>&nbsp;<\/p>\n<p><b>24 de Agosto de 2013, 21h30<\/b><\/p>\n<p>Concerto comemorativo dos 75 anos da publica\u00e7\u00e3o da Bula <i>Omnium Ecclesiarum<\/i>.<\/p>\n<p>2\u00ba concerto do Ciclo Inaugural do \u00f3rg\u00e3o de Tubos da S\u00e9 de Aveiro<\/p>\n<p><a href=\"http:\/\/paroquiagloria.org\/v2\/wp-content\/uploads\/2013\/04\/biografia-rui-soares-e-Ulphilanis.docx\">biografia rui soares e Ulphilanis<\/a><\/p>\n<p>&nbsp;<\/p>\n<p><b>06 de Setembro de 2013, 21h30<\/b><\/p>\n<p>Coro: Frauenschola Exsulta Sion Freiburg e Schola Gregoriana der Hochschule f\u00fcr Musik Freiburg.<\/p>\n<p>Organista: Ant\u00f3nio M\u00e1rio Costa<\/p>\n<p>Direc\u00e7\u00e3o: Christoph H\u00f6nerlage<\/p>\n<p><a href=\"http:\/\/paroquiagloria.org\/v2\/wp-content\/uploads\/2013\/04\/biografia-Honerlage-Frauenschola-e-Ant\u00f3nio-M\u00e1rio-Costa.docx\">biografia Honerlage, Frauenschola e Ant\u00f3nio M\u00e1rio Costa<\/a><\/p>\n<p>&nbsp;<\/p>\n<p><b style=\"text-align: justify;\">12 de Outubro de 2013, 21h30<\/b><\/p>\n<p>Organista: Jos\u00e9 Carlos Oliveira<\/p>\n<p><a href=\"http:\/\/paroquiagloria.org\/v2\/wp-content\/uploads\/2013\/04\/biografia-jos\u00e9-carlos-oliveira.docx\">biografia jos\u00e9 carlos oliveira<\/a><\/p>\n<p>&nbsp;<\/p>\n<p><b>30 de Novembro de 2013, 21h30<\/b><\/p>\n<p>Organista: Ant\u00f3nio Duarte<\/p>\n<p>Solista: Ana Fleming<\/p>\n<p><a href=\"http:\/\/paroquiagloria.org\/v2\/wp-content\/uploads\/2013\/04\/biografia-maria-ana-e-antonio-duarte.doc\">biografia maria ana e antonio duarte<\/a><\/p>\n<p>&nbsp;<\/p>\n<p><b>10 de Dezembro de 2013, 21h30<\/b><\/p>\n<p>Concerto de encerramento da Miss\u00e3o Jubilar<\/p>\n<p>Coros: CATEDRAV e Coro de Santa Joana<\/p>\n<p>Orquestra Filarmonia das Beiras<\/p>\n<p>Organista: Ant\u00f3nio M\u00e1rio Costa<\/p>\n<p>Direc\u00e7\u00e3o: Ant\u00f3nio Vassalo Louren\u00e7o<\/p>\n<p>&nbsp;<\/p>\n<p><b>28 de Dezembro de 2013, 21h30<\/b><\/p>\n<p>Organista: <a href=\"http:\/\/paroquiagloria.org\/v2\/wp-content\/uploads\/2013\/04\/Ant\u00f3nio-Esteireiro.docx\" target=\"_blank\">Ant\u00f3nio Esteireiro<\/a><\/p>\n<p>&nbsp;<\/p>\n<p><b>26 de Janeiro de 2014, 16h<\/b><\/p>\n<p>Organista: Filipe Ver\u00edssimo<\/p>\n<p><a href=\"http:\/\/paroquiagloria.org\/v2\/wp-content\/uploads\/2013\/04\/Filipe-Ver\u00edssimo.docx\">Filipe Ver\u00edssimo<\/a><\/p>\n<p>Trompetista: <a href=\"http:\/\/paroquiagloria.org\/v2\/wp-content\/uploads\/2013\/04\/H\u00e9lder-Fernandes.docx\">H\u00e9lder Fernandes<\/a><\/p>\n<p>&nbsp;<\/p>\n<p><b>23 de Fevereiro de 2014, 16h<\/b><\/p>\n<p>Coro: <a href=\"http:\/\/paroquiagloria.org\/v2\/wp-content\/uploads\/2013\/04\/capella-bracarensis.docx\">capella bracarensis<\/a><\/p>\n<p>&nbsp;<\/p>\n<p><b>30 de Mar\u00e7o de 2014, 16h<\/b><\/p>\n<p>Organista: <a href=\"http:\/\/paroquiagloria.org\/v2\/wp-content\/uploads\/2013\/04\/ant\u00f3nio-mota.docx\">ant\u00f3nio mota<\/a><\/p>\n<p>&nbsp;<\/p>\n<p><b>26 de Abril de 2014, 21h30<\/b><\/p>\n<p>Grupo Vocal An\u00e7\u00e3-ble<\/p>\n<p>&nbsp;<\/p>\n<p><b>30 de Maio de 2014, 21h30<\/b><\/p>\n<p>Organista:\u00a0<a href=\"http:\/\/paroquiagloria.org\/v2\/wp-content\/uploads\/2013\/04\/Ant\u00f3nio-Esteireiro.docx\" target=\"_blank\">Ant\u00f3nio Esteireiro<\/a><\/p>\n<p>&nbsp;<\/p>\n<p><b>27 de Junho de 2014, 21h30<\/b><\/p>\n<p>Organista: \u00c9lio Carneiro<\/p>\n<p>&nbsp;<\/p>\n<p><b>12 de Julho de 2014, 21h30<\/b><\/p>\n<p>Concerto comemorativo do 1.\u00baAnivers\u00e1rio.<\/p>\n<p>Organista: David Homolya<\/p>\n<p>Participa\u00e7\u00e3o especial do Coro da Catedral de Aveiro<\/p>\n<p><i>\u00a0<\/i><\/p>\n<p>&nbsp;<\/p>\n<h2 style=\"text-align: center;\"><strong>Campanha de angaria\u00e7\u00e3o de fundos<\/strong><\/h2>\n<p style=\"text-align: justify;\"><a href=\"http:\/\/paroquiagloria.org\/v2\/wp-content\/uploads\/2013\/04\/image3.jpg\"><img loading=\"lazy\" class=\"alignnone size-large wp-image-1198\" src=\"http:\/\/paroquiagloria.org\/v2\/wp-content\/uploads\/2013\/04\/image3-1024x351.jpg\" alt=\"image\" width=\"1024\" height=\"351\" srcset=\"http:\/\/paroquiagloria.org\/v2\/wp-content\/uploads\/2013\/04\/image3-1024x351.jpg 1024w, http:\/\/paroquiagloria.org\/v2\/wp-content\/uploads\/2013\/04\/image3-300x102.jpg 300w\" sizes=\"(max-width: 1024px) 100vw, 1024px\" \/><\/a><br \/>\nA Par\u00f3quia de Nossa Senhora da Gl\u00f3ria lan\u00e7a mais uma campanha de angaria\u00e7\u00e3o de fundos para o novo \u00f3rg\u00e3o de tubos intitulada &#8220;D\u00f3 r\u00e9 mi d\u00e1 s\u00f3 l\u00e1 um tubo&#8221;.<br \/>\nAgora que se conclui a primeira fase da implementa\u00e7\u00e3o do novo instrumento, esta \u00e9 mais uma forma de fazer face \u00e0s despesas do novo \u00f3rg\u00e3o da S\u00e9 de Aveiro que entra esta semana na fase da entona\u00e7\u00e3o e depois afina\u00e7\u00e3o e ser\u00e1 benzido e inaugurado a 12 de Julho.<br \/>\nO prospecto desta campanha apresenta sucintamente as motiva\u00e7\u00f5es para a instala\u00e7\u00e3o do \u00f3rg\u00e3o novo na igreja paroquial de Nossa Senhora da Gl\u00f3ria, assim como a sua composi\u00e7\u00e3o e caracter\u00edsticas, bem como os encargos financeiros com a empresa P\u00e9csi Orgona\u00e9p\u00edt\u00f6 Manufakt\u00fara kft, sediada em Pecs (Hungria).<br \/>\nOs interessados em contribuir podem faz\u00ea-lo atrav\u00e9s de preenchimento dos dados pedidos na respectiva ficha, ficando como amigos do \u00f3rg\u00e3o e com a possibilidade de receberem informa\u00e7\u00e3o complementar acerca de todo o projecto.<br \/>\nA contribui\u00e7\u00e3o pode ser feita em numer\u00e1rio ou em cheque dirigido \u00e0 Par\u00f3quia de Nossa Senhora da Gl\u00f3ria ou atrav\u00e9s de transferencia banc\u00e1ria (NIB: 0045 3290 4002 8315 93790), tal como se indica no prospecto.<\/p>\n<p><a href=\"http:\/\/paroquiagloria.org\/v2\/wp-content\/uploads\/2013\/04\/image2.jpg\"><img loading=\"lazy\" class=\"alignnone size-large wp-image-1197\" src=\"http:\/\/paroquiagloria.org\/v2\/wp-content\/uploads\/2013\/04\/image2-1024x693.jpg\" alt=\"image\" width=\"1024\" height=\"693\" srcset=\"http:\/\/paroquiagloria.org\/v2\/wp-content\/uploads\/2013\/04\/image2-1024x693.jpg 1024w, http:\/\/paroquiagloria.org\/v2\/wp-content\/uploads\/2013\/04\/image2-300x203.jpg 300w\" sizes=\"(max-width: 1024px) 100vw, 1024px\" \/><\/a><a href=\"http:\/\/paroquiagloria.org\/v2\/wp-content\/uploads\/2013\/04\/image4.jpg\"><img loading=\"lazy\" class=\"alignnone size-large wp-image-1200\" src=\"http:\/\/paroquiagloria.org\/v2\/wp-content\/uploads\/2013\/04\/image4-1024x693.jpg\" alt=\"image\" width=\"1024\" height=\"693\" srcset=\"http:\/\/paroquiagloria.org\/v2\/wp-content\/uploads\/2013\/04\/image4-1024x693.jpg 1024w, http:\/\/paroquiagloria.org\/v2\/wp-content\/uploads\/2013\/04\/image4-300x203.jpg 300w\" sizes=\"(max-width: 1024px) 100vw, 1024px\" \/><\/a><\/p>\n<p>&nbsp;<\/p>\n<h3><span style=\"color: #000000;\"><b>O \u00d3rg\u00e3o da S\u00e9 de Aveiro. Por Domingos Peixoto<\/b><\/span><\/h3>\n<h3><span style=\"color: #000000;\"><b><a href=\"http:\/\/paroquiagloria.org\/v2\/wp-content\/uploads\/2013\/04\/\u00d3rg\u00e3o...-um-ponto-de-vista.docx\">\u00d3rg\u00e3o&#8230; um ponto de vista<\/a><\/b><\/span><\/h3>\n<p>&nbsp;<\/p>\n","protected":false},"excerpt":{"rendered":"<p>\u00d3rg\u00e3o de Tubos da Catedral Com o restauro e amplia\u00e7\u00e3o da S\u00e9 de Aveiro, em 1976, o \u00f3rg\u00e3o hist\u00f3rico (1754) tornou-se insuficiente para o espa\u00e7o actual e limitado para a execu\u00e7\u00e3o do repert\u00f3rio de m\u00fasica sacra que as celebra\u00e7\u00f5es exigem. Impunha-se assim a constru\u00e7\u00e3o de um \u00f3rg\u00e3o novo, aguardado por muitos desde a amplia\u00e7\u00e3o da [&hellip;]<\/p>\n","protected":false},"author":1,"featured_media":0,"parent":0,"menu_order":0,"comment_status":"open","ping_status":"closed","template":"","meta":{"ngg_post_thumbnail":0},"_links":{"self":[{"href":"http:\/\/paroquiagloria.org\/v2\/index.php?rest_route=\/wp\/v2\/pages\/1111"}],"collection":[{"href":"http:\/\/paroquiagloria.org\/v2\/index.php?rest_route=\/wp\/v2\/pages"}],"about":[{"href":"http:\/\/paroquiagloria.org\/v2\/index.php?rest_route=\/wp\/v2\/types\/page"}],"author":[{"embeddable":true,"href":"http:\/\/paroquiagloria.org\/v2\/index.php?rest_route=\/wp\/v2\/users\/1"}],"replies":[{"embeddable":true,"href":"http:\/\/paroquiagloria.org\/v2\/index.php?rest_route=%2Fwp%2Fv2%2Fcomments&post=1111"}],"version-history":[{"count":50,"href":"http:\/\/paroquiagloria.org\/v2\/index.php?rest_route=\/wp\/v2\/pages\/1111\/revisions"}],"predecessor-version":[{"id":3711,"href":"http:\/\/paroquiagloria.org\/v2\/index.php?rest_route=\/wp\/v2\/pages\/1111\/revisions\/3711"}],"wp:attachment":[{"href":"http:\/\/paroquiagloria.org\/v2\/index.php?rest_route=%2Fwp%2Fv2%2Fmedia&parent=1111"}],"curies":[{"name":"wp","href":"https:\/\/api.w.org\/{rel}","templated":true}]}}