{"id":104,"date":"2013-01-22T19:57:18","date_gmt":"2013-01-22T19:57:18","guid":{"rendered":"http:\/\/paroquiagloria.org\/v2\/?page_id=104"},"modified":"2017-10-07T19:07:57","modified_gmt":"2017-10-07T19:07:57","slug":"evangelizacao","status":"publish","type":"page","link":"http:\/\/paroquiagloria.org\/v2\/?page_id=104","title":{"rendered":"Evangeliza\u00e7\u00e3o"},"content":{"rendered":"<p><a href=\"http:\/\/paroquiagloria.org\/v2\/wp-content\/uploads\/2013\/01\/sermao_editado_ventura.jpg\"><img loading=\"lazy\" class=\"alignnone size-large wp-image-420\" src=\"http:\/\/paroquiagloria.org\/v2\/wp-content\/uploads\/2013\/01\/sermao_editado_ventura-1024x672.jpg\" alt=\"sermao_editado_ventura\" width=\"1024\" height=\"672\" srcset=\"http:\/\/paroquiagloria.org\/v2\/wp-content\/uploads\/2013\/01\/sermao_editado_ventura-1024x672.jpg 1024w, http:\/\/paroquiagloria.org\/v2\/wp-content\/uploads\/2013\/01\/sermao_editado_ventura-300x196.jpg 300w, http:\/\/paroquiagloria.org\/v2\/wp-content\/uploads\/2013\/01\/sermao_editado_ventura.jpg 1458w\" sizes=\"(max-width: 1024px) 100vw, 1024px\" \/><\/a><\/p>\n<h3 style=\"text-align: center;\"><span style=\"color: #000000;\"><strong>Ai de mim se eu n\u00e3o anunciar o Evangelho <em>(1Cor 9, 16)<\/em><\/strong><\/span><\/h3>\n<p><em><br \/>\n<\/em><\/p>\n<p style=\"text-align: justify;\">A instru\u00e7\u00e3o catequ\u00e9tica, ilustrada pela doutrina, torne-se viva, expl\u00edcita e operosa nos homens, seja cuidadosamente ministrada, quer \u00e0s crian\u00e7as e aos adolescentes, quer aos jovens, quer at\u00e9 aos adultos: que esta instru\u00e7\u00e3o seja dada segundo a ordem e o m\u00e9todo que mais conv\u00e9m n\u00e3o s\u00f3 \u00e0 mat\u00e9ria de que se trata mas tamb\u00e9m \u00e0 \u00edndole, capacidade e idade e condi\u00e7\u00f5es de vida dos ouvintes, e que se baseie na Sagrada Escritura, na Tradi\u00e7\u00e3o, na Liturgia, no magist\u00e9rio e na vida da Igreja.&#8221; (Vaticano II, Christus Dominus 14)<\/p>\n<p style=\"text-align: justify;\">&#8220;No desempenho do seu m\u00fanus educativo, a Igreja preocupa-se com todos os meios aptos o primeiro dos quais \u00e9 a instru\u00e7\u00e3o catequ\u00e9tica que ilumina e fortalece a f\u00e9, alimenta a vida segundo o esp\u00edrito de Cristo, leva a uma participa\u00e7\u00e3o consciente e activa no mist\u00e9rio de Cristo e impele \u00e0 ac\u00e7\u00e3o apost\u00f3lica.&#8221; (Vaticano II, Gravissimum Educationis, 4)<\/p>\n<p>&nbsp;<\/p>\n<p><strong>Em conson\u00e2ncia com as orienta\u00e7\u00f5es da Igreja no que diz respeito ao an\u00fancio do Evangelho e \u00e0 transmiss\u00e3o da f\u00e9, estruturamos assim o nosso percurso catequ\u00e9tico paroquial, englobando quatro fases da vida: Inf\u00e2ncia (1\u00ba-4\u00ba), Adolesc\u00eancia (5\u00ba-8\u00ba), Juventude (9\u00ba-12\u00ba), Adultos.\u00a0<\/strong><\/p>\n<p><a href=\"http:\/\/paroquiagloria.org\/v2\/?page_id=155\">Inf\u00e2ncia<\/a><\/p>\n<p><a href=\"http:\/\/paroquiagloria.org\/v2\/?page_id=159\">Adolesc\u00eancia<\/a><\/p>\n<p><a href=\"http:\/\/paroquiagloria.org\/v2\/?page_id=163\">Juventude<\/a><\/p>\n<p><a style=\"font-size: 13px; line-height: 19px;\" href=\"http:\/\/paroquiagloria.org\/v2\/?page_id=165\">Adultos<\/a><\/p>\n","protected":false},"excerpt":{"rendered":"<p>Ai de mim se eu n\u00e3o anunciar o Evangelho (1Cor 9, 16) A instru\u00e7\u00e3o catequ\u00e9tica, ilustrada pela doutrina, torne-se viva, expl\u00edcita e operosa nos homens, seja cuidadosamente ministrada, quer \u00e0s crian\u00e7as e aos adolescentes, quer aos jovens, quer at\u00e9 aos adultos: que esta instru\u00e7\u00e3o seja dada segundo a ordem e o m\u00e9todo que mais conv\u00e9m [&hellip;]<\/p>\n","protected":false},"author":1,"featured_media":0,"parent":53,"menu_order":0,"comment_status":"open","ping_status":"closed","template":"","meta":{"ngg_post_thumbnail":0},"_links":{"self":[{"href":"http:\/\/paroquiagloria.org\/v2\/index.php?rest_route=\/wp\/v2\/pages\/104"}],"collection":[{"href":"http:\/\/paroquiagloria.org\/v2\/index.php?rest_route=\/wp\/v2\/pages"}],"about":[{"href":"http:\/\/paroquiagloria.org\/v2\/index.php?rest_route=\/wp\/v2\/types\/page"}],"author":[{"embeddable":true,"href":"http:\/\/paroquiagloria.org\/v2\/index.php?rest_route=\/wp\/v2\/users\/1"}],"replies":[{"embeddable":true,"href":"http:\/\/paroquiagloria.org\/v2\/index.php?rest_route=%2Fwp%2Fv2%2Fcomments&post=104"}],"version-history":[{"count":38,"href":"http:\/\/paroquiagloria.org\/v2\/index.php?rest_route=\/wp\/v2\/pages\/104\/revisions"}],"predecessor-version":[{"id":4675,"href":"http:\/\/paroquiagloria.org\/v2\/index.php?rest_route=\/wp\/v2\/pages\/104\/revisions\/4675"}],"up":[{"embeddable":true,"href":"http:\/\/paroquiagloria.org\/v2\/index.php?rest_route=\/wp\/v2\/pages\/53"}],"wp:attachment":[{"href":"http:\/\/paroquiagloria.org\/v2\/index.php?rest_route=%2Fwp%2Fv2%2Fmedia&parent=104"}],"curies":[{"name":"wp","href":"https:\/\/api.w.org\/{rel}","templated":true}]}}